{"version":"1.0","provider_name":"Red Nacional de Arte","provider_url":"https:\/\/rednacionaldearte.com\/noticias","author_name":"Redacci\u00f3n","author_url":"https:\/\/rednacionaldearte.com\/noticias\/author\/adan\/","title":"Ceniza de los Pasos se despide con \u00daltima Temporada en el Esperanza Iris","type":"rich","width":600,"height":338,"html":"<blockquote class=\"wp-embedded-content\" data-secret=\"iuy2TwRLVL\"><a href=\"https:\/\/rednacionaldearte.com\/noticias\/ceniza-pasos-esperanza-iris\/\">Ceniza de los Pasos se despide con \u00daltima Temporada en el Esperanza Iris<\/a><\/blockquote><iframe sandbox=\"allow-scripts\" security=\"restricted\" src=\"https:\/\/rednacionaldearte.com\/noticias\/ceniza-pasos-esperanza-iris\/embed\/#?secret=iuy2TwRLVL\" width=\"600\" height=\"338\" title=\"\u00abCeniza de los Pasos se despide con \u00daltima Temporada en el Esperanza Iris\u00bb \u2014 Red Nacional de Arte\" data-secret=\"iuy2TwRLVL\" frameborder=\"0\" marginwidth=\"0\" marginheight=\"0\" scrolling=\"no\" class=\"wp-embedded-content\"><\/iframe><script type=\"text\/javascript\">\n\/* <![CDATA[ *\/\n\/*! This file is auto-generated *\/\n!function(d,l){\"use strict\";l.querySelector&&d.addEventListener&&\"undefined\"!=typeof URL&&(d.wp=d.wp||{},d.wp.receiveEmbedMessage||(d.wp.receiveEmbedMessage=function(e){var t=e.data;if((t||t.secret||t.message||t.value)&&!\/[^a-zA-Z0-9]\/.test(t.secret)){for(var s,r,n,a=l.querySelectorAll('iframe[data-secret=\"'+t.secret+'\"]'),o=l.querySelectorAll('blockquote[data-secret=\"'+t.secret+'\"]'),c=new RegExp(\"^https?:$\",\"i\"),i=0;i<o.length;i++)o[i].style.display=\"none\";for(i=0;i<a.length;i++)s=a[i],e.source===s.contentWindow&&(s.removeAttribute(\"style\"),\"height\"===t.message?(1e3<(r=parseInt(t.value,10))?r=1e3:~~r<200&&(r=200),s.height=r):\"link\"===t.message&&(r=new URL(s.getAttribute(\"src\")),n=new URL(t.value),c.test(n.protocol))&&n.host===r.host&&l.activeElement===s&&(d.top.location.href=t.value))}},d.addEventListener(\"message\",d.wp.receiveEmbedMessage,!1),l.addEventListener(\"DOMContentLoaded\",function(){for(var e,t,s=l.querySelectorAll(\"iframe.wp-embedded-content\"),r=0;r<s.length;r++)(t=(e=s[r]).getAttribute(\"data-secret\"))||(t=Math.random().toString(36).substring(2,12),e.src+=\"#?secret=\"+t,e.setAttribute(\"data-secret\",t)),e.contentWindow.postMessage({message:\"ready\",secret:t},\"*\")},!1)))}(window,document);\n\/\/# sourceURL=https:\/\/rednacionaldearte.com\/noticias\/wp-includes\/js\/wp-embed.min.js\n\/* ]]> *\/\n<\/script>\n","thumbnail_url":"http:\/\/rednacionaldearte.com\/noticias\/wp-content\/uploads\/2018\/04\/Ceniza-Pasos-Foto-Adan-Ruiz-4.jpg","thumbnail_width":1280,"thumbnail_height":853,"description":"Las \u00daltimas funciones de Ceniza de los Pasos se llevar\u00e1n a cabo cada mi\u00e9rcoles de Mayo. La obra de danza con arn\u00e9s \u00abCeniza de los Pasos\u00bb se despedir\u00e1 con una \u00faltima temporada de funciones en el Teatro de la Ciudad Esperanza Iris. La pieza de Yuki Pastrana y Catalina Navarrete mostrar\u00e1 algunas modificaciones trabajadas durante [&hellip;]"}