{"version":"1.0","provider_name":"Red Nacional de Arte","provider_url":"https:\/\/rednacionaldearte.com\/noticias","author_name":"Redacci\u00f3n","author_url":"https:\/\/rednacionaldearte.com\/noticias\/author\/adan\/","title":"Extensi\u00f3n del Festival Internacional de Videodanza de la CDMX en la FILEY Yucat\u00e1n - Red Nacional de Arte","type":"rich","width":600,"height":338,"html":"<blockquote class=\"wp-embedded-content\" data-secret=\"inL5I9CglC\"><a href=\"https:\/\/rednacionaldearte.com\/noticias\/extension-festival-videodanza-yucatan\/\">Extensi\u00f3n del Festival Internacional de Videodanza de la CDMX en la FILEY Yucat\u00e1n<\/a><\/blockquote><iframe sandbox=\"allow-scripts\" security=\"restricted\" src=\"https:\/\/rednacionaldearte.com\/noticias\/extension-festival-videodanza-yucatan\/embed\/#?secret=inL5I9CglC\" width=\"600\" height=\"338\" title=\"\u00abExtensi\u00f3n del Festival Internacional de Videodanza de la CDMX en la FILEY Yucat\u00e1n\u00bb \u2014 Red Nacional de Arte\" data-secret=\"inL5I9CglC\" frameborder=\"0\" marginwidth=\"0\" marginheight=\"0\" scrolling=\"no\" class=\"wp-embedded-content\"><\/iframe><script type=\"text\/javascript\">\n\/* <![CDATA[ *\/\n\/*! This file is auto-generated *\/\n!function(d,l){\"use strict\";l.querySelector&&d.addEventListener&&\"undefined\"!=typeof URL&&(d.wp=d.wp||{},d.wp.receiveEmbedMessage||(d.wp.receiveEmbedMessage=function(e){var t=e.data;if((t||t.secret||t.message||t.value)&&!\/[^a-zA-Z0-9]\/.test(t.secret)){for(var s,r,n,a=l.querySelectorAll('iframe[data-secret=\"'+t.secret+'\"]'),o=l.querySelectorAll('blockquote[data-secret=\"'+t.secret+'\"]'),c=new RegExp(\"^https?:$\",\"i\"),i=0;i<o.length;i++)o[i].style.display=\"none\";for(i=0;i<a.length;i++)s=a[i],e.source===s.contentWindow&&(s.removeAttribute(\"style\"),\"height\"===t.message?(1e3<(r=parseInt(t.value,10))?r=1e3:~~r<200&&(r=200),s.height=r):\"link\"===t.message&&(r=new URL(s.getAttribute(\"src\")),n=new URL(t.value),c.test(n.protocol))&&n.host===r.host&&l.activeElement===s&&(d.top.location.href=t.value))}},d.addEventListener(\"message\",d.wp.receiveEmbedMessage,!1),l.addEventListener(\"DOMContentLoaded\",function(){for(var e,t,s=l.querySelectorAll(\"iframe.wp-embedded-content\"),r=0;r<s.length;r++)(t=(e=s[r]).getAttribute(\"data-secret\"))||(t=Math.random().toString(36).substring(2,12),e.src+=\"#?secret=\"+t,e.setAttribute(\"data-secret\",t)),e.contentWindow.postMessage({message:\"ready\",secret:t},\"*\")},!1)))}(window,document);\n\/\/# sourceURL=https:\/\/rednacionaldearte.com\/noticias\/wp-includes\/js\/wp-embed.min.js\n\/* ]]> *\/\n<\/script>\n","thumbnail_url":"http:\/\/rednacionaldearte.com\/noticias\/wp-content\/uploads\/2019\/02\/FILEY-LOGOTIPO.png","thumbnail_width":3356,"thumbnail_height":1769,"description":"El Festival Internacional de Videodanza de la Ciudad de M\u00e9xico llegar\u00e1 nuevamente a Yucat\u00e1n, gracias a la colaboraci\u00f3n con la FILEY, la Feria Internacional de la Lectura Yucat\u00e1n. Las proyecciones tendr\u00e1n lugar los d\u00edas s\u00e1bado 16 de marzo a las 18 hrs. y domingo 24 a las 13 hrs. en la sala 3 de los [&hellip;]"}