{"version":"1.0","provider_name":"Red Nacional de Arte","provider_url":"https:\/\/rednacionaldearte.com\/noticias","author_name":"Redacci\u00f3n","author_url":"https:\/\/rednacionaldearte.com\/noticias\/author\/adan\/","title":"Invitaci\u00f3n: Inauguraci\u00f3n de Apolog\u00edas de la Piel - Red Nacional de Arte","type":"rich","width":600,"height":338,"html":"<blockquote class=\"wp-embedded-content\" data-secret=\"YtPHBo1yO1\"><a href=\"https:\/\/rednacionaldearte.com\/noticias\/invitacion-inauguracion-apologias-piel\/\">Invitaci\u00f3n: Inauguraci\u00f3n de Apolog\u00edas de la Piel<\/a><\/blockquote><iframe sandbox=\"allow-scripts\" security=\"restricted\" src=\"https:\/\/rednacionaldearte.com\/noticias\/invitacion-inauguracion-apologias-piel\/embed\/#?secret=YtPHBo1yO1\" width=\"600\" height=\"338\" title=\"\u00abInvitaci\u00f3n: Inauguraci\u00f3n de Apolog\u00edas de la Piel\u00bb \u2014 Red Nacional de Arte\" data-secret=\"YtPHBo1yO1\" frameborder=\"0\" marginwidth=\"0\" marginheight=\"0\" scrolling=\"no\" class=\"wp-embedded-content\"><\/iframe><script type=\"text\/javascript\">\n\/* <![CDATA[ *\/\n\/*! This file is auto-generated *\/\n!function(d,l){\"use strict\";l.querySelector&&d.addEventListener&&\"undefined\"!=typeof URL&&(d.wp=d.wp||{},d.wp.receiveEmbedMessage||(d.wp.receiveEmbedMessage=function(e){var t=e.data;if((t||t.secret||t.message||t.value)&&!\/[^a-zA-Z0-9]\/.test(t.secret)){for(var s,r,n,a=l.querySelectorAll('iframe[data-secret=\"'+t.secret+'\"]'),o=l.querySelectorAll('blockquote[data-secret=\"'+t.secret+'\"]'),c=new RegExp(\"^https?:$\",\"i\"),i=0;i<o.length;i++)o[i].style.display=\"none\";for(i=0;i<a.length;i++)s=a[i],e.source===s.contentWindow&&(s.removeAttribute(\"style\"),\"height\"===t.message?(1e3<(r=parseInt(t.value,10))?r=1e3:~~r<200&&(r=200),s.height=r):\"link\"===t.message&&(r=new URL(s.getAttribute(\"src\")),n=new URL(t.value),c.test(n.protocol))&&n.host===r.host&&l.activeElement===s&&(d.top.location.href=t.value))}},d.addEventListener(\"message\",d.wp.receiveEmbedMessage,!1),l.addEventListener(\"DOMContentLoaded\",function(){for(var e,t,s=l.querySelectorAll(\"iframe.wp-embedded-content\"),r=0;r<s.length;r++)(t=(e=s[r]).getAttribute(\"data-secret\"))||(t=Math.random().toString(36).substring(2,12),e.src+=\"#?secret=\"+t,e.setAttribute(\"data-secret\",t)),e.contentWindow.postMessage({message:\"ready\",secret:t},\"*\")},!1)))}(window,document);\n\/\/# sourceURL=https:\/\/rednacionaldearte.com\/noticias\/wp-includes\/js\/wp-embed.min.js\n\/* ]]> *\/\n<\/script>\n","thumbnail_url":"http:\/\/rednacionaldearte.com\/noticias\/wp-content\/uploads\/2017\/04\/invitacion-inauguracion-apologias-piel.png","thumbnail_width":889,"thumbnail_height":441,"description":"Artistas participantes: Pablo Linares,\u00a0Mel Chaves, Mercedes Aqui, Irene Barajas, Claudiva Levi, Octavio Villavicencio, Benjam\u00edn L\u00e1zaro Castillo, Mario Coyol, Pablo Antol\u00ed, Mario Acosta, Cristina Romero, Bernardo Mariqueo Melin, Beatriz Carcamo, Luis Albarr\u00e1n, Criss Islas. Inauguraci\u00f3n: 02 de Abril. Lugar:\u00a0Galer\u00eda de Casa Tonal\u00e1. Tonal\u00e1 107, col.Roma Norte, Ciudad de M\u00e9xico. Importante: El acceso es por lista. Para [&hellip;]"}