{"version":"1.0","provider_name":"Red Nacional de Arte","provider_url":"https:\/\/rednacionaldearte.com\/noticias","author_name":"Redacci\u00f3n","author_url":"https:\/\/rednacionaldearte.com\/noticias\/author\/adan\/","title":"Invitaci\u00f3n: Inauguraci\u00f3n de El Paisaje Y La Psique - Red Nacional de Arte","type":"rich","width":600,"height":338,"html":"<blockquote class=\"wp-embedded-content\" data-secret=\"kCTao0ObVJ\"><a href=\"https:\/\/rednacionaldearte.com\/noticias\/invitacion-inauguracion-paisaje-y-la-psique\/\">Invitaci\u00f3n: Inauguraci\u00f3n de El Paisaje Y La Psique<\/a><\/blockquote><iframe sandbox=\"allow-scripts\" security=\"restricted\" src=\"https:\/\/rednacionaldearte.com\/noticias\/invitacion-inauguracion-paisaje-y-la-psique\/embed\/#?secret=kCTao0ObVJ\" width=\"600\" height=\"338\" title=\"\u00abInvitaci\u00f3n: Inauguraci\u00f3n de El Paisaje Y La Psique\u00bb \u2014 Red Nacional de Arte\" data-secret=\"kCTao0ObVJ\" frameborder=\"0\" marginwidth=\"0\" marginheight=\"0\" scrolling=\"no\" class=\"wp-embedded-content\"><\/iframe><script type=\"text\/javascript\">\n\/* <![CDATA[ *\/\n\/*! This file is auto-generated *\/\n!function(d,l){\"use strict\";l.querySelector&&d.addEventListener&&\"undefined\"!=typeof URL&&(d.wp=d.wp||{},d.wp.receiveEmbedMessage||(d.wp.receiveEmbedMessage=function(e){var t=e.data;if((t||t.secret||t.message||t.value)&&!\/[^a-zA-Z0-9]\/.test(t.secret)){for(var s,r,n,a=l.querySelectorAll('iframe[data-secret=\"'+t.secret+'\"]'),o=l.querySelectorAll('blockquote[data-secret=\"'+t.secret+'\"]'),c=new RegExp(\"^https?:$\",\"i\"),i=0;i<o.length;i++)o[i].style.display=\"none\";for(i=0;i<a.length;i++)s=a[i],e.source===s.contentWindow&&(s.removeAttribute(\"style\"),\"height\"===t.message?(1e3<(r=parseInt(t.value,10))?r=1e3:~~r<200&&(r=200),s.height=r):\"link\"===t.message&&(r=new URL(s.getAttribute(\"src\")),n=new URL(t.value),c.test(n.protocol))&&n.host===r.host&&l.activeElement===s&&(d.top.location.href=t.value))}},d.addEventListener(\"message\",d.wp.receiveEmbedMessage,!1),l.addEventListener(\"DOMContentLoaded\",function(){for(var e,t,s=l.querySelectorAll(\"iframe.wp-embedded-content\"),r=0;r<s.length;r++)(t=(e=s[r]).getAttribute(\"data-secret\"))||(t=Math.random().toString(36).substring(2,12),e.src+=\"#?secret=\"+t,e.setAttribute(\"data-secret\",t)),e.contentWindow.postMessage({message:\"ready\",secret:t},\"*\")},!1)))}(window,document);\n\/\/# sourceURL=https:\/\/rednacionaldearte.com\/noticias\/wp-includes\/js\/wp-embed.min.js\n\/* ]]> *\/\n<\/script>\n","thumbnail_url":"http:\/\/rednacionaldearte.com\/noticias\/wp-content\/uploads\/2016\/03\/Invitacio\u0301n-EXPOSICIO\u0301N-1024x683.jpg","thumbnail_width":1024,"thumbnail_height":683,"description":"Artistas participantes: Pablo Linares, Natalia Moya, Rafael Montiel, Isma\u00ebl Guye, Stefania Vara, Amaia Garc\u00eda, M\u00f3nica Ortega, Brian Overcast, \u00c1lvaro Fern\u00e1ndez, Roc\u00edo Askins, Antonio Busqueta, Ad\u00e1n Ruiz, Natalia Rodr\u00edguez, Daniela Ruiz, Paloma Navarro, Yamile Alfaro, Anubis M\u00e9ndez Tom\u00e1s Cano, Rosal\u00eda Aguirre, Perla Hern\u00e1ndez. &nbsp; &nbsp; Jueves 7 de Abril, 2016. Centro Cultural Futurama. 17 horas. &nbsp;"}