{"version":"1.0","provider_name":"Red Nacional de Arte","provider_url":"https:\/\/rednacionaldearte.com\/noticias","author_name":"Redacci\u00f3n","author_url":"https:\/\/rednacionaldearte.com\/noticias\/author\/adan\/","title":"\"Pulso\", de Tania Candiani, se presentar\u00e1 simultaneamente en las 195 Estaciones del Metro de la CDMX","type":"rich","width":600,"height":338,"html":"<blockquote class=\"wp-embedded-content\" data-secret=\"h8hJiyYr1r\"><a href=\"https:\/\/rednacionaldearte.com\/noticias\/pulso-tania-candiani-metro-mexico\/\">\u00abPulso\u00bb, de Tania Candiani, se presentar\u00e1 simultaneamente en las 195 Estaciones del Metro de la CDMX<\/a><\/blockquote><iframe sandbox=\"allow-scripts\" security=\"restricted\" src=\"https:\/\/rednacionaldearte.com\/noticias\/pulso-tania-candiani-metro-mexico\/embed\/#?secret=h8hJiyYr1r\" width=\"600\" height=\"338\" title=\"\u00ab\u00abPulso\u00bb, de Tania Candiani, se presentar\u00e1 simultaneamente en las 195 Estaciones del Metro de la CDMX\u00bb \u2014 Red Nacional de Arte\" data-secret=\"h8hJiyYr1r\" frameborder=\"0\" marginwidth=\"0\" marginheight=\"0\" scrolling=\"no\" class=\"wp-embedded-content\"><\/iframe><script type=\"text\/javascript\">\n\/* <![CDATA[ *\/\n\/*! This file is auto-generated *\/\n!function(d,l){\"use strict\";l.querySelector&&d.addEventListener&&\"undefined\"!=typeof URL&&(d.wp=d.wp||{},d.wp.receiveEmbedMessage||(d.wp.receiveEmbedMessage=function(e){var t=e.data;if((t||t.secret||t.message||t.value)&&!\/[^a-zA-Z0-9]\/.test(t.secret)){for(var s,r,n,a=l.querySelectorAll('iframe[data-secret=\"'+t.secret+'\"]'),o=l.querySelectorAll('blockquote[data-secret=\"'+t.secret+'\"]'),c=new RegExp(\"^https?:$\",\"i\"),i=0;i<o.length;i++)o[i].style.display=\"none\";for(i=0;i<a.length;i++)s=a[i],e.source===s.contentWindow&&(s.removeAttribute(\"style\"),\"height\"===t.message?(1e3<(r=parseInt(t.value,10))?r=1e3:~~r<200&&(r=200),s.height=r):\"link\"===t.message&&(r=new URL(s.getAttribute(\"src\")),n=new URL(t.value),c.test(n.protocol))&&n.host===r.host&&l.activeElement===s&&(d.top.location.href=t.value))}},d.addEventListener(\"message\",d.wp.receiveEmbedMessage,!1),l.addEventListener(\"DOMContentLoaded\",function(){for(var e,t,s=l.querySelectorAll(\"iframe.wp-embedded-content\"),r=0;r<s.length;r++)(t=(e=s[r]).getAttribute(\"data-secret\"))||(t=Math.random().toString(36).substring(2,12),e.src+=\"#?secret=\"+t,e.setAttribute(\"data-secret\",t)),e.contentWindow.postMessage({message:\"ready\",secret:t},\"*\")},!1)))}(window,document);\n\/\/# sourceURL=https:\/\/rednacionaldearte.com\/noticias\/wp-includes\/js\/wp-embed.min.js\n\/* ]]> *\/\n<\/script>\n","thumbnail_url":"https:\/\/rednacionaldearte.com\/noticias\/wp-content\/uploads\/2016\/10\/CvUd6fQUsAE6_Dy.jpg","thumbnail_width":664,"thumbnail_height":498,"description":"En un hecho sin precedente, el Sistema de Transporte Colectivo presentar\u00e1 de manera simult\u00e1nea en las 12 L\u00edneas de la Red, la obra, \u201cPulso\u201d, acci\u00f3n sonora de la artista Tania Candiani comisionada por la Fundaci\u00f3n Alumnos47, con motivo de Proyecto L\u00edquido: Deseo. Durante la presentaci\u00f3n del proyecto, Jorge Gavi\u00f1o Ambriz, Director General del Metro detall\u00f3 [&hellip;]"}