{"version":"1.0","provider_name":"Red Nacional de Arte","provider_url":"https:\/\/rednacionaldearte.com\/noticias","author_name":"Redacci\u00f3n","author_url":"https:\/\/rednacionaldearte.com\/noticias\/author\/adan\/","title":"Workshop Beto P\u00e9rez en Quer\u00e9taro","type":"rich","width":600,"height":338,"html":"<blockquote class=\"wp-embedded-content\" data-secret=\"vyTFUpm3ok\"><a href=\"https:\/\/rednacionaldearte.com\/noticias\/workshop-beto-perez-queretaro\/\">Workshop de Beto P\u00e9rez en Quer\u00e9taro<\/a><\/blockquote><iframe sandbox=\"allow-scripts\" security=\"restricted\" src=\"https:\/\/rednacionaldearte.com\/noticias\/workshop-beto-perez-queretaro\/embed\/#?secret=vyTFUpm3ok\" width=\"600\" height=\"338\" title=\"\u00abWorkshop de Beto P\u00e9rez en Quer\u00e9taro\u00bb \u2014 Red Nacional de Arte\" data-secret=\"vyTFUpm3ok\" frameborder=\"0\" marginwidth=\"0\" marginheight=\"0\" scrolling=\"no\" class=\"wp-embedded-content\"><\/iframe><script type=\"text\/javascript\">\n\/* <![CDATA[ *\/\n\/*! This file is auto-generated *\/\n!function(d,l){\"use strict\";l.querySelector&&d.addEventListener&&\"undefined\"!=typeof URL&&(d.wp=d.wp||{},d.wp.receiveEmbedMessage||(d.wp.receiveEmbedMessage=function(e){var t=e.data;if((t||t.secret||t.message||t.value)&&!\/[^a-zA-Z0-9]\/.test(t.secret)){for(var s,r,n,a=l.querySelectorAll('iframe[data-secret=\"'+t.secret+'\"]'),o=l.querySelectorAll('blockquote[data-secret=\"'+t.secret+'\"]'),c=new RegExp(\"^https?:$\",\"i\"),i=0;i<o.length;i++)o[i].style.display=\"none\";for(i=0;i<a.length;i++)s=a[i],e.source===s.contentWindow&&(s.removeAttribute(\"style\"),\"height\"===t.message?(1e3<(r=parseInt(t.value,10))?r=1e3:~~r<200&&(r=200),s.height=r):\"link\"===t.message&&(r=new URL(s.getAttribute(\"src\")),n=new URL(t.value),c.test(n.protocol))&&n.host===r.host&&l.activeElement===s&&(d.top.location.href=t.value))}},d.addEventListener(\"message\",d.wp.receiveEmbedMessage,!1),l.addEventListener(\"DOMContentLoaded\",function(){for(var e,t,s=l.querySelectorAll(\"iframe.wp-embedded-content\"),r=0;r<s.length;r++)(t=(e=s[r]).getAttribute(\"data-secret\"))||(t=Math.random().toString(36).substring(2,12),e.src+=\"#?secret=\"+t,e.setAttribute(\"data-secret\",t)),e.contentWindow.postMessage({message:\"ready\",secret:t},\"*\")},!1)))}(window,document);\n\/\/# sourceURL=https:\/\/rednacionaldearte.com\/noticias\/wp-includes\/js\/wp-embed.min.js\n\/* ]]> *\/\n<\/script>\n","thumbnail_url":"http:\/\/rednacionaldearte.com\/noticias\/wp-content\/uploads\/2017\/01\/FlyerQRO1.jpg","thumbnail_width":648,"thumbnail_height":567,"description":"Director de Proyecto \u00cdtaca. Maestro, int\u00e9rprete, core\u00f3grafo y pedagogo en T\u00e9cnicas de Movimiento especifico a la de Danza Contempor\u00e1nea. Inicia sus estudios en los grupos especiales de Danza en el Sistema Nacional para la Ense\u00f1anza Profesional de la Danza (SNEPD) INBA, M\u00e9xico. Form\u00f3 parte de las compa\u00f1\u00edas de Danza Barro Rojo (Arturo Garrido); Ensamble Tiempo [&hellip;]"}