{"version":"1.0","provider_name":"Tienda de Arte Online","provider_url":"https:\/\/rednacionaldearte.com\/tienda","author_name":"tienda","author_url":"https:\/\/rednacionaldearte.com\/tienda\/author\/tienda\/","title":"Taller de Direcci\u00f3n de Fotograf\u00eda | FECIMX","type":"rich","width":600,"height":338,"html":"<blockquote class=\"wp-embedded-content\" data-secret=\"pIcrFZR4xl\"><a href=\"https:\/\/rednacionaldearte.com\/tienda\/producto\/direccion-fotografia\/\">Taller de Direcci\u00f3n de Fotograf\u00eda<\/a><\/blockquote><iframe sandbox=\"allow-scripts\" security=\"restricted\" src=\"https:\/\/rednacionaldearte.com\/tienda\/producto\/direccion-fotografia\/embed\/#?secret=pIcrFZR4xl\" width=\"600\" height=\"338\" title=\"&#8220;Taller de Direcci\u00f3n de Fotograf\u00eda&#8221; &#8212; Tienda de Arte Online\" data-secret=\"pIcrFZR4xl\" frameborder=\"0\" marginwidth=\"0\" marginheight=\"0\" scrolling=\"no\" class=\"wp-embedded-content\"><\/iframe><script type=\"text\/javascript\">\n\/* <![CDATA[ *\/\n\/*! This file is auto-generated *\/\n!function(d,l){\"use strict\";l.querySelector&&d.addEventListener&&\"undefined\"!=typeof URL&&(d.wp=d.wp||{},d.wp.receiveEmbedMessage||(d.wp.receiveEmbedMessage=function(e){var t=e.data;if((t||t.secret||t.message||t.value)&&!\/[^a-zA-Z0-9]\/.test(t.secret)){for(var s,r,n,a=l.querySelectorAll('iframe[data-secret=\"'+t.secret+'\"]'),o=l.querySelectorAll('blockquote[data-secret=\"'+t.secret+'\"]'),c=new RegExp(\"^https?:$\",\"i\"),i=0;i<o.length;i++)o[i].style.display=\"none\";for(i=0;i<a.length;i++)s=a[i],e.source===s.contentWindow&&(s.removeAttribute(\"style\"),\"height\"===t.message?(1e3<(r=parseInt(t.value,10))?r=1e3:~~r<200&&(r=200),s.height=r):\"link\"===t.message&&(r=new URL(s.getAttribute(\"src\")),n=new URL(t.value),c.test(n.protocol))&&n.host===r.host&&l.activeElement===s&&(d.top.location.href=t.value))}},d.addEventListener(\"message\",d.wp.receiveEmbedMessage,!1),l.addEventListener(\"DOMContentLoaded\",function(){for(var e,t,s=l.querySelectorAll(\"iframe.wp-embedded-content\"),r=0;r<s.length;r++)(t=(e=s[r]).getAttribute(\"data-secret\"))||(t=Math.random().toString(36).substring(2,12),e.src+=\"#?secret=\"+t,e.setAttribute(\"data-secret\",t)),e.contentWindow.postMessage({message:\"ready\",secret:t},\"*\")},!1)))}(window,document);\n\/\/# sourceURL=https:\/\/rednacionaldearte.com\/tienda\/wp-includes\/js\/wp-embed.min.js\n\/* ]]> *\/\n<\/script>\n","thumbnail_url":"https:\/\/rednacionaldearte.com\/tienda\/wp-content\/uploads\/2023\/12\/taller-ireccion-fotografia.jpg","thumbnail_width":1000,"thumbnail_height":1000,"description":"Direcci\u00f3n de Fotograf\u00eda para Cine  &nbsp;  Presentado por el Festival de Cine Independiente de la Ciudad de M\u00e9xico y Red Nacional de Arte.  &nbsp;  Sesiones:  20, 21, 22 y 23 de diciembre | 19 a 22 hrs (hora Ciudad de M\u00e9xico).  El\u00a0Festival de Cine Independiente de la Ciudad de M\u00e9xico (FECIMX)\u00a0y\u00a0Red Nacional de Arte\u00a0convocan al\u00a0Taller de Direcci\u00f3n de Fotograf\u00eda para Cine\u00a0impartido por Francisco Herrera. Durante las sesiones, que se llevar\u00e1n a cabo de forma virtual, lxs alumnxs podr\u00e1n profundizar en la cinefotograf\u00eda como un arte que se entrecruza con diversas ciencias, as\u00ed como aprender sobre composici\u00f3n, \u00f3ptica y color, entre otros temas.  Todas las sesiones se grabar\u00e1n y los links se proporcionar\u00e1n a los participantes para su descarga, con la intenci\u00f3n de que no pierdan tiempo grabando desde sus dispositivos y aprovechen el taller al m\u00e1ximo.  &nbsp;  M\u00e1s informaci\u00f3n en https:\/\/festivalcineindependiente.com\/direccion-fotografia\/"}