{"id":1351,"date":"2022-01-03T01:52:52","date_gmt":"2022-01-03T01:52:52","guid":{"rendered":"https:\/\/rednacionaldearte.com\/tienda\/?post_type=product&#038;p=1351"},"modified":"2022-01-15T02:52:19","modified_gmt":"2022-01-15T02:52:19","slug":"pluma-camara-intimidad","status":"publish","type":"product","link":"https:\/\/rednacionaldearte.com\/tienda\/producto\/pluma-camara-intimidad\/","title":{"rendered":"Pluma, c\u00e1mara e intimidad: Taller de Realizaci\u00f3n"},"content":{"rendered":"<p><strong>Sesiones:<\/strong> 29 y 30 de Enero, 5 y 6 de Febrero y\u00a012 y 13 de Febrero.<\/p>\n<p><strong>* El taller se llevar\u00e1 a cabo en un horario de 12 a 14 horas.<\/strong><\/p>\n<p>El Festival de Cine Independiente de la Ciudad de M\u00e9xico (FECIMX) y Red Nacional de Arte convocan al taller \u201cPluma, c\u00e1mara e intimidad\u201d impartido por <strong>Bruno Santamar\u00eda<\/strong>, <strong>Andrea Rabasa<\/strong> y <strong>Zita Erffa<\/strong>.<\/p>\n<p><span style=\"font-weight: 400;\">El taller consistir\u00e1 en seis sesiones durante tres fines de semana en los que se realizar\u00e1n ejercicios para descubrir las motivaciones m\u00e1s \u00edntimas al filmar, proponiendo as\u00ed diferentes espacios que propicien exploraciones cercanas y ejercicios de montaje que permitan concebir una mirada, ritmo y s\u00edntesis cinematogr\u00e1fica coherentes con la expresi\u00f3n de ese primer motor emotivo con el que trabajamos.\u00a0<\/span><\/p>\n<p><b>Todas las sesiones se grabar\u00e1n y los links se proporcionar\u00e1n a los participantes para su descarga<\/b><span style=\"font-weight: 400;\">, con la intenci\u00f3n de que no pierdan tiempo grabando desde sus dispositivos y aprovechen el taller al m\u00e1ximo.\u00a0<\/span><\/p>\n<p><b>Este taller considera ejercicios pr\u00e1cticos.<\/b><\/p>\n<p>&nbsp;<\/p>\n<p><b>Imparten:<\/b><\/p>\n<p><b>Bruno Santamar\u00eda<\/b><span style=\"font-weight: 400;\"> es egresado de la Licenciatura en Comunicaci\u00f3n por el ITESM y de la Licenciatura en Cinematograf\u00eda del Centro de Capacitaci\u00f3n Cinematogr\u00e1fica (CCC). Ha impartido clases de documental y cinefotograf\u00eda en la UNAM, el CCC, la Escuela Veracruzana de Cine Luis Bu\u00f1uel, Ambulante M\u00e1s All\u00e1 y Docsmx. Sus trabajos han sido mostrados y premiados en M\u00e9xico y en el extranjero, adem\u00e1s de ser nominados en diversas ocasiones al Ariel. Es director de \u201cMargarita\u201d (2016) y \u201cCosas que no hacemos\u201d (2021).<\/span><\/p>\n<p><b>Andrea Rabasa<\/b><span style=\"font-weight: 400;\"> realiz\u00f3 sus estudios superiores en el Centro de Capacitaci\u00f3n Cinematogr\u00e1fica (CCC) en donde se especializ\u00f3 en direcci\u00f3n. Desde 2015 se dedica al montaje de documental y ficci\u00f3n, as\u00ed como al sonido directo en documentales. Ha editado pel\u00edculas seleccionadas en festivales internacionales como Artemio de Sandra Luz, Cosas que no hacemos de Bruno Santamar\u00eda y A morir a los desiertos de Marta Ferrer. Actualmente se encuentra editando el documental Fuego de Mischa Prince.<\/span><\/p>\n<p><b>Zita Erffa<\/b><span style=\"font-weight: 400;\"> estudi\u00f3 Desarrollo Internacional en Viena y Filosof\u00eda en M\u00fanich. Complet\u00f3 sus estudios en la escuela de cine HFF y estudi\u00f3 Documental en el Centro de Capacitaci\u00f3n Cinematogr\u00e1fica (CCC). Es directora de la pel\u00edcula \u201cThe Best Thing You Can Do with Your Life\u201d, exhibida en festivales como la Berlinale, Cartagena, Festival Internacional de Cine de Morelia o Karlovy Vary, por mencionar algunos.<\/span><\/p>\n","protected":false},"excerpt":{"rendered":"<p><strong>Sesiones:<\/strong> 29 y 30 de Enero, 5 y 6 de Febrero y\u00a012 y 13 de Febrero.<\/p>\n<p><strong>* El taller se llevar\u00e1 a cabo en un horario de 12 a 14 horas.<\/strong><\/p>\n<p>El Festival de Cine Independiente de la Ciudad de M\u00e9xico (FECIMX) y Red Nacional de Arte convocan al taller \u201cPluma, c\u00e1mara e intimidad\u201d impartido por <strong>Bruno Santamar\u00eda<\/strong>, <strong>Andrea Rabasa<\/strong> y <strong>Zita Erffa<\/strong>.<\/p>\n<p><span style=\"font-weight: 400;\">El taller consistir\u00e1 en seis sesiones durante tres fines de semana en los que se realizar\u00e1n ejercicios para descubrir las motivaciones m\u00e1s \u00edntimas al filmar, proponiendo as\u00ed diferentes espacios que propicien exploraciones cercanas y ejercicios de montaje que permitan concebir una mirada, ritmo y s\u00edntesis cinematogr\u00e1fica coherentes con la expresi\u00f3n de ese primer motor emotivo con el que trabajamos.\u00a0<\/span><\/p>\n<p><b>Todas las sesiones se grabar\u00e1n y los links se proporcionar\u00e1n a los participantes para su descarga<\/b><span style=\"font-weight: 400;\">, con la intenci\u00f3n de que no pierdan tiempo grabando desde sus dispositivos y aprovechen el taller al m\u00e1ximo.\u00a0<\/span><\/p>\n<p><b>Este taller considera ejercicios pr\u00e1cticos.<\/b><\/p>\n<p>&nbsp;<\/p>\n<p><b>Imparten:<\/b><\/p>\n<p><b>Bruno Santamar\u00eda<\/b><span style=\"font-weight: 400;\"> es egresado de la Licenciatura en Comunicaci\u00f3n por el ITESM y de la Licenciatura en Cinematograf\u00eda del Centro de Capacitaci\u00f3n Cinematogr\u00e1fica (CCC). Ha impartido clases de documental y cinefotograf\u00eda en la UNAM, el CCC, la Escuela Veracruzana de Cine Luis Bu\u00f1uel, Ambulante M\u00e1s All\u00e1 y Docsmx. Sus trabajos han sido mostrados y premiados en M\u00e9xico y en el extranjero, adem\u00e1s de ser nominados en diversas ocasiones al Ariel. Es director de \u201cMargarita\u201d (2016) y \u201cCosas que no hacemos\u201d (2021).<\/span><\/p>\n<p><b>Andrea Rabasa<\/b><span style=\"font-weight: 400;\"> realiz\u00f3 sus estudios superiores en el Centro de Capacitaci\u00f3n Cinematogr\u00e1fica (CCC) en donde se especializ\u00f3 en direcci\u00f3n. Desde 2015 se dedica al montaje de documental y ficci\u00f3n, as\u00ed como al sonido directo en documentales. Ha editado pel\u00edculas seleccionadas en festivales internacionales como Artemio de Sandra Luz, Cosas que no hacemos de Bruno Santamar\u00eda y A morir a los desiertos de Marta Ferrer. Actualmente se encuentra editando el documental Fuego de Mischa Prince.<\/span><\/p>\n<p><b>Zita Erffa<\/b><span style=\"font-weight: 400;\"> estudi\u00f3 Desarrollo Internacional en Viena y Filosof\u00eda en M\u00fanich. Complet\u00f3 sus estudios en la escuela de cine HFF y estudi\u00f3 Documental en el Centro de Capacitaci\u00f3n Cinematogr\u00e1fica (CCC). Es directora de la pel\u00edcula \u201cThe Best Thing You Can Do with Your Life\u201d, exhibida en festivales como la Berlinale, Cartagena, Festival Internacional de Cine de Morelia o Karlovy Vary, por mencionar algunos.<\/span><\/p>\n","protected":false},"featured_media":1352,"comment_status":"open","ping_status":"closed","template":"","meta":[],"product_brand":[],"product_cat":[39,6,7],"product_tag":[153,152,150,151,154],"class_list":{"0":"post-1351","1":"product","2":"type-product","3":"status-publish","4":"has-post-thumbnail","6":"product_cat-cine","7":"product_cat-cursos","8":"product_cat-cursos-online","9":"product_tag-andrea-rabasa","10":"product_tag-bruno-santamaria","11":"product_tag-fecimx","12":"product_tag-festival-de-cine-independiente-de-la-cdmx","13":"product_tag-zita-erffa","15":"first","16":"outofstock","17":"virtual","18":"purchasable","19":"product-type-simple"},"jetpack_sharing_enabled":true,"_links":{"self":[{"href":"https:\/\/rednacionaldearte.com\/tienda\/wp-json\/wp\/v2\/product\/1351","targetHints":{"allow":["GET"]}}],"collection":[{"href":"https:\/\/rednacionaldearte.com\/tienda\/wp-json\/wp\/v2\/product"}],"about":[{"href":"https:\/\/rednacionaldearte.com\/tienda\/wp-json\/wp\/v2\/types\/product"}],"replies":[{"embeddable":true,"href":"https:\/\/rednacionaldearte.com\/tienda\/wp-json\/wp\/v2\/comments?post=1351"}],"wp:featuredmedia":[{"embeddable":true,"href":"https:\/\/rednacionaldearte.com\/tienda\/wp-json\/wp\/v2\/media\/1352"}],"wp:attachment":[{"href":"https:\/\/rednacionaldearte.com\/tienda\/wp-json\/wp\/v2\/media?parent=1351"}],"wp:term":[{"taxonomy":"product_brand","embeddable":true,"href":"https:\/\/rednacionaldearte.com\/tienda\/wp-json\/wp\/v2\/product_brand?post=1351"},{"taxonomy":"product_cat","embeddable":true,"href":"https:\/\/rednacionaldearte.com\/tienda\/wp-json\/wp\/v2\/product_cat?post=1351"},{"taxonomy":"product_tag","embeddable":true,"href":"https:\/\/rednacionaldearte.com\/tienda\/wp-json\/wp\/v2\/product_tag?post=1351"}],"curies":[{"name":"wp","href":"https:\/\/api.w.org\/{rel}","templated":true}]}}