{"id":2192,"date":"2025-03-11T19:01:17","date_gmt":"2025-03-11T19:01:17","guid":{"rendered":"https:\/\/rednacionaldearte.com\/tienda\/?post_type=product&#038;p=2192"},"modified":"2025-03-25T01:25:42","modified_gmt":"2025-03-25T01:25:42","slug":"taller-de-realizacion-cinematografica-la-construccion-del-relato","status":"publish","type":"product","link":"https:\/\/rednacionaldearte.com\/tienda\/producto\/taller-de-realizacion-cinematografica-la-construccion-del-relato\/","title":{"rendered":"Taller de Realizaci\u00f3n Cinematogr\u00e1fica | La Construcci\u00f3n del Relato"},"content":{"rendered":"<p><strong>La Construcci\u00f3n del Relato:<\/strong><\/p>\n<p><strong>Taller de Realizaci\u00f3n Cinematogr\u00e1fica con Mar\u00eda Novaro, Natalia Beristain y Elisa Miller<\/strong><\/p>\n<p>&nbsp;<\/p>\n<p>Presentado por el Festival de Cine Independiente de la Ciudad de M\u00e9xico y Red Nacional de Arte.<\/p>\n<p>&nbsp;<\/p>\n<p><strong>Fechas y horarios:<\/strong><\/p>\n<p>24, 25, 26 y 27 de marzo de 2025.<br \/>\n* Las sesiones se llevar\u00e1n a cabo en un horario de 19 a 21 hrs (Tiempo Ciudad de M\u00e9xico).<\/p>\n<p>&nbsp;<\/p>\n<p>El\u00a0<strong>Festival de Cine Independiente de la Ciudad de M\u00e9xico (FECIMX)<\/strong>\u00a0y\u00a0<strong>Red Nacional de Arte<\/strong>\u00a0convocan a\u00a0<strong>\u201cLa Construcci\u00f3n del Relato\u201d<\/strong>, un taller intensivo de realizaci\u00f3n cinematogr\u00e1fica con las aclamadas cineastas\u00a0<strong>Mar\u00eda Novaro, Natalia Beristain y Elisa Miller<\/strong>.<\/p>\n<p>El taller est\u00e1 enfocado en la creaci\u00f3n de proyectos de ficci\u00f3n, desde el desarrollo hasta el rodaje, ofreciendo una oportunidad \u00fanica para aprender las claves de la direcci\u00f3n en el cine contempor\u00e1neo, desarrollar un proyecto s\u00f3lido, trabajar con actores y gestionar la producci\u00f3n de una pel\u00edcula, con un enfoque pr\u00e1ctico y actual.<\/p>\n<p>Todas las sesiones se grabar\u00e1n y los links se proporcionar\u00e1n a los participantes para su descarga, con la intenci\u00f3n de que no pierdan tiempo grabando desde sus dispositivos y aprovechen el taller al m\u00e1ximo.<\/p>\n<p>&nbsp;<\/p>\n<p><span style=\"font-family: -apple-system, BlinkMacSystemFont, 'Segoe UI', Roboto, Oxygen-Sans, Ubuntu, Cantarell, 'Helvetica Neue', sans-serif;\">M\u00e1s informaci\u00f3n en https:\/\/festivalcineindependiente.com\/la-construccion-del-relato\/<\/span><\/p>\n","protected":false},"excerpt":{"rendered":"<p><strong>La Construcci\u00f3n del Relato:<\/strong><\/p>\n<p><strong>Taller de Realizaci\u00f3n Cinematogr\u00e1fica con Mar\u00eda Novaro, Natalia Beristain y Elisa Miller<\/strong><\/p>\n<p>&nbsp;<\/p>\n<p>Presentado por el Festival de Cine Independiente de la Ciudad de M\u00e9xico y Red Nacional de Arte.<\/p>\n<p>&nbsp;<\/p>\n<p><strong>Fechas y horarios:<\/strong><\/p>\n<p>24, 25, 26 y 27 de marzo de 2025.<br \/>\n* Las sesiones se llevar\u00e1n a cabo en un horario de 19 a 21 hrs (Tiempo Ciudad de M\u00e9xico).<\/p>\n<p>&nbsp;<\/p>\n<p>El\u00a0<strong>Festival de Cine Independiente de la Ciudad de M\u00e9xico (FECIMX)<\/strong>\u00a0y\u00a0<strong>Red Nacional de Arte<\/strong>\u00a0convocan a\u00a0<strong>\u201cLa Construcci\u00f3n del Relato\u201d<\/strong>, un taller intensivo de realizaci\u00f3n cinematogr\u00e1fica con las aclamadas cineastas\u00a0<strong>Mar\u00eda Novaro, Natalia Beristain y Elisa Miller<\/strong>.<\/p>\n<p>El taller est\u00e1 enfocado en la creaci\u00f3n de proyectos de ficci\u00f3n, desde el desarrollo hasta el rodaje, ofreciendo una oportunidad \u00fanica para aprender las claves de la direcci\u00f3n en el cine contempor\u00e1neo, desarrollar un proyecto s\u00f3lido, trabajar con actores y gestionar la producci\u00f3n de una pel\u00edcula, con un enfoque pr\u00e1ctico y actual.<\/p>\n<p>Todas las sesiones se grabar\u00e1n y los links se proporcionar\u00e1n a los participantes para su descarga, con la intenci\u00f3n de que no pierdan tiempo grabando desde sus dispositivos y aprovechen el taller al m\u00e1ximo.<\/p>\n<p>&nbsp;<\/p>\n<p><span style=\"font-family: -apple-system, BlinkMacSystemFont, 'Segoe UI', Roboto, Oxygen-Sans, Ubuntu, Cantarell, 'Helvetica Neue', sans-serif;\">M\u00e1s informaci\u00f3n en <a href=\"https:\/\/festivalcineindependiente.com\/la-construccion-del-relato\/\">https:\/\/festivalcineindependiente.com\/la-construccion-del-relato\/<\/a><\/span><\/p>\n","protected":false},"featured_media":2193,"comment_status":"open","ping_status":"closed","template":"","meta":[],"product_brand":[],"product_cat":[39,6,7],"product_tag":[210,208,209],"class_list":{"0":"post-2192","1":"product","2":"type-product","3":"status-publish","4":"has-post-thumbnail","6":"product_cat-cine","7":"product_cat-cursos","8":"product_cat-cursos-online","9":"product_tag-elisa-miller","10":"product_tag-maria-novaro","11":"product_tag-natalia-beristain","13":"first","14":"outofstock","15":"virtual","16":"purchasable","17":"product-type-simple"},"jetpack_sharing_enabled":true,"_links":{"self":[{"href":"https:\/\/rednacionaldearte.com\/tienda\/wp-json\/wp\/v2\/product\/2192","targetHints":{"allow":["GET"]}}],"collection":[{"href":"https:\/\/rednacionaldearte.com\/tienda\/wp-json\/wp\/v2\/product"}],"about":[{"href":"https:\/\/rednacionaldearte.com\/tienda\/wp-json\/wp\/v2\/types\/product"}],"replies":[{"embeddable":true,"href":"https:\/\/rednacionaldearte.com\/tienda\/wp-json\/wp\/v2\/comments?post=2192"}],"wp:featuredmedia":[{"embeddable":true,"href":"https:\/\/rednacionaldearte.com\/tienda\/wp-json\/wp\/v2\/media\/2193"}],"wp:attachment":[{"href":"https:\/\/rednacionaldearte.com\/tienda\/wp-json\/wp\/v2\/media?parent=2192"}],"wp:term":[{"taxonomy":"product_brand","embeddable":true,"href":"https:\/\/rednacionaldearte.com\/tienda\/wp-json\/wp\/v2\/product_brand?post=2192"},{"taxonomy":"product_cat","embeddable":true,"href":"https:\/\/rednacionaldearte.com\/tienda\/wp-json\/wp\/v2\/product_cat?post=2192"},{"taxonomy":"product_tag","embeddable":true,"href":"https:\/\/rednacionaldearte.com\/tienda\/wp-json\/wp\/v2\/product_tag?post=2192"}],"curies":[{"name":"wp","href":"https:\/\/api.w.org\/{rel}","templated":true}]}}