{"id":292,"date":"2017-03-13T00:56:29","date_gmt":"2017-03-13T00:56:29","guid":{"rendered":"http:\/\/rednacionaldearte.com\/tienda\/?post_type=product&#038;p=292"},"modified":"2017-08-09T06:21:47","modified_gmt":"2017-08-09T06:21:47","slug":"workhop-angel-arambula","status":"publish","type":"product","link":"https:\/\/rednacionaldearte.com\/tienda\/producto\/workhop-angel-arambula\/","title":{"rendered":"Workhop de \u00c1ngel Ar\u00e1mbula"},"content":{"rendered":"<p><strong>Imparte:<\/strong>\u00a0\u00c1ngel Ar\u00e1mbula.<\/p>\n<p class=\"font_8\">Bailar\u00edn, core\u00f3grafo y docente. Miembro fundador y codirector de la <strong>Compa\u00f1\u00eda de Danza Lux Boreal<\/strong>. Ha contribuido al desarrollo y crecimiento del colectivo y sus plataformas de creaci\u00f3n, exposici\u00f3n y educaci\u00f3n.<\/p>\n<p class=\"font_8\">Ha impartido clases en diversas compa\u00f1\u00edas, centros de educaci\u00f3n superior como Universidad de Puebla, University of California en San Diego, University of California Riverside, Malashock Dance, Ensamble Colima, ArcDanz, Radar Guadalajara, States University en Texas, San Diego State University, Universidad de Limerik en Irlanda, entre otros.<\/p>\n<p class=\"font_8\">Recibi\u00f3 el premio a mejor int\u00e9rprete en el XX Concurso Regional de Coreograf\u00eda del Noroeste en 2016. Obtuvo la menci\u00f3n honor\u00edfica como mejor Ejecutante Masculino dentro del Primer Concurso de Coreograf\u00eda en Espacios Urbanos Monterrey Danza (2002). Ha sido apoyado por el PECDA de Bja California como Creador con Trayectoria en el a\u00f1o 2006, por el FONCA en la emisi\u00f3n 2004 en la categor\u00eda de int\u00e9rprete, por el FOECA de Sinaloa como int\u00e9rprete en el a\u00f1o 2003, por el FOECA de Baja California en su emisi\u00f3n 1999, en la Categor\u00eda de Desarrollo Art\u00edstico Individual en Danza Contempor\u00e1nea y en la emisi\u00f3n 2002 para continuaci\u00f3n de estudios, as\u00ed como\u00a0por la Escuela Profesional de Danza Contempor\u00e1nea de Mazatl\u00e1n del a\u00f1o 2001 al 2003.\u00a0 Es titular de la compa\u00f1\u00eda ante el programa del FONCA M\u00e9xico en Escena desde el a\u00f1o 2007.<\/p>\n<p class=\"font_8\">Se gradu\u00f3 de la Escuela Profesional de Danza de Mazatl\u00e1n (EPDM), dirigida por la compa\u00f1\u00eda Delfos Danza Contempor\u00e1nea, donde trabaj\u00f3 bajo la direcci\u00f3n de Victor Ru\u00edz, Claudia Lavista, Xitlali Pi\u00f1a y Omar Carr\u00fam.<\/p>\n","protected":false},"excerpt":{"rendered":"<p>Bailar\u00edn, core\u00f3grafo y docente. Miembro fundador y codirector de la <strong>Compa\u00f1\u00eda de Danza Lux Boreal<\/strong>.<\/p>\n<p class=\"font_8\">Recibi\u00f3 el premio a mejor int\u00e9rprete en el XX Concurso Regional de Coreograf\u00eda del Noroeste en 2016. Obtuvo la menci\u00f3n honor\u00edfica como mejor Ejecutante Masculino dentro del Primer Concurso de Coreograf\u00eda en Espacios Urbanos Monterrey Danza (2002). Ha sido apoyado por el PECDA de Bja California como Creador con Trayectoria en el a\u00f1o 2006, por el FONCA en la emisi\u00f3n 2004 en la categor\u00eda de int\u00e9rprete, por el FOECA de Sinaloa como int\u00e9rprete en el a\u00f1o 2003, por el FOECA de Baja California en su emisi\u00f3n 1999, en la Categor\u00eda de Desarrollo Art\u00edstico Individual en Danza Contempor\u00e1nea y en la emisi\u00f3n 2002 para continuaci\u00f3n de estudios, as\u00ed como\u00a0por la Escuela Profesional de Danza Contempor\u00e1nea de Mazatl\u00e1n del a\u00f1o 2001 al 2003.\u00a0 Es titular de la compa\u00f1\u00eda ante el programa del FONCA M\u00e9xico en Escena desde el a\u00f1o 2007.<\/p>\n<p class=\"font_8\">Desde el a\u00f1o 2006 se desempe\u00f1a como director acad\u00e9mico del Diplomado de Danza\u00a0 Contempor\u00e1nea y Producci\u00f3n Esc\u00e9nica que se realiza en la ciudad de Tijuana, en acuerdo de colaboraci\u00f3n con la Universidad Pedag\u00f3gica Nacional y el Instituto de Cultura de Baja California.<\/p>\n<p>&nbsp;<\/p>\n<p><strong>Dirigido a:<\/strong><\/p>\n<p>Bailarines, inte\u0301rpretes, creadores esce\u0301nicos, actores, coreo\u0301grafos y directores interesados e involucrados en la creacio\u0301n esce\u0301nica contempora\u0301nea.<\/p>\n<p><strong>Requisitos:<\/strong> Ropa de entrenamiento y libreta.<\/p>\n<p><strong>Fechas:\u00a0<\/strong>Del 8 al 11 de junio, 2017.<\/p>\n<p><strong>Horario: <\/strong>11\u00a0a 14 horas.<\/p>\n","protected":false},"featured_media":293,"comment_status":"open","ping_status":"closed","template":"","meta":[],"product_brand":[],"product_cat":[6,70],"product_tag":[78,75,79],"class_list":{"0":"post-292","1":"product","2":"type-product","3":"status-publish","4":"has-post-thumbnail","6":"product_cat-cursos","7":"product_cat-cursos-presenciales","8":"product_tag-angel-arambula","9":"product_tag-danza-contemporanea","10":"product_tag-piso-articular","12":"first","13":"outofstock","14":"shipping-taxable","15":"purchasable","16":"product-type-simple"},"jetpack_sharing_enabled":true,"_links":{"self":[{"href":"https:\/\/rednacionaldearte.com\/tienda\/wp-json\/wp\/v2\/product\/292","targetHints":{"allow":["GET"]}}],"collection":[{"href":"https:\/\/rednacionaldearte.com\/tienda\/wp-json\/wp\/v2\/product"}],"about":[{"href":"https:\/\/rednacionaldearte.com\/tienda\/wp-json\/wp\/v2\/types\/product"}],"replies":[{"embeddable":true,"href":"https:\/\/rednacionaldearte.com\/tienda\/wp-json\/wp\/v2\/comments?post=292"}],"wp:featuredmedia":[{"embeddable":true,"href":"https:\/\/rednacionaldearte.com\/tienda\/wp-json\/wp\/v2\/media\/293"}],"wp:attachment":[{"href":"https:\/\/rednacionaldearte.com\/tienda\/wp-json\/wp\/v2\/media?parent=292"}],"wp:term":[{"taxonomy":"product_brand","embeddable":true,"href":"https:\/\/rednacionaldearte.com\/tienda\/wp-json\/wp\/v2\/product_brand?post=292"},{"taxonomy":"product_cat","embeddable":true,"href":"https:\/\/rednacionaldearte.com\/tienda\/wp-json\/wp\/v2\/product_cat?post=292"},{"taxonomy":"product_tag","embeddable":true,"href":"https:\/\/rednacionaldearte.com\/tienda\/wp-json\/wp\/v2\/product_tag?post=292"}],"curies":[{"name":"wp","href":"https:\/\/api.w.org\/{rel}","templated":true}]}}