{"id":77,"date":"2016-07-12T07:49:35","date_gmt":"2016-07-12T07:49:35","guid":{"rendered":"http:\/\/rednacionaldearte.com\/tienda\/?post_type=product&#038;p=77"},"modified":"2020-04-24T19:41:14","modified_gmt":"2020-04-24T19:41:14","slug":"paisaje-la-psique-catalogo-la-exposicion","status":"publish","type":"product","link":"https:\/\/rednacionaldearte.com\/tienda\/producto\/paisaje-la-psique-catalogo-la-exposicion\/","title":{"rendered":"El Paisaje y la Psique: Cat\u00e1logo de la Exposici\u00f3n"},"content":{"rendered":"<p style=\"text-align: justify;\">Cat\u00e1logo de la Exposici\u00f3n &#8220;El Paisaje y la Psique: Reflexiones de un Entorno&#8221;.<\/p>\n<p style=\"text-align: justify;\"><strong>Caracter\u00edsticas:<\/strong><br \/>\n26 p\u00e1ginas.<\/p>\n<p style=\"text-align: justify;\">Impresi\u00f3n r\u00fastica.<\/p>\n<p style=\"text-align: justify;\">\u201cEl Paisaje y la Psique: Refexiones de un Entorno\u201d re\u00fane la obra de 21 fot\u00f3grafos de un amplio rango de edades y pa\u00edses, convocados con el objetivo de evocar distintas visiones sobre la relaci\u00f3n existente entre el paisaje y los procesos cognitivos resultantes de la contemplaci\u00f3n y reflexi\u00f3n, que sugieren una construcci\u00f3n rec\u00edproca; el paisaje nos construye, pero a su vez, es espacio modificado -tangible o intangiblemente- por la mente humana.<\/p>\n<p style=\"text-align: justify;\">La presente exposici\u00f3n explora las posibilidades que nos ofrece la fotograf\u00eda a trav\u00e9s del concepto de paisaje para activar mecanismos que lleven a experiencias tanto psicol\u00f3gicas como est\u00e9ticas bajo propuestas desarrolladas entre el 2014 y el 2016 en diferentes situaciones econ\u00f3micas y pol\u00edticas, adem\u00e1s de peculiares motivaciones y convicciones autorales. Pese a que la muestra conjunta puntos de vista muy diversos, observamos que una cierta cantidad de artistas coincide en elementos figurativos que nos revelan que la esencia del contexto es la misma, aunque las latitudes difieran. Ya sean mares, bosques, zonas rurales o urbanas, e incluso desplazamientos de la concepci\u00f3n tradicional del paisaje, existen ideas que nos ubican en t\u00e9rminos similares; el abandono y la individualidad se hacen presentes, y junto a ellas, la terrible grandeza de los elementos. El hombre se alza contra la naturaleza, y la naturaleza a su vez erosiona la gravidez del hombre.<\/p>\n<p style=\"text-align: justify;\">Versi\u00f3n online\u00a0descargable gratuitamente en\u00a0<a href=\"http:\/\/rednacionaldearte.com\/docs\/Catalogo-Paisaje-y-Psique.pdf\">http:\/\/rednacionaldearte.com\/docs\/Catalogo-Paisaje-y-Psique.pdf<\/a>.<\/p>\n","protected":false},"excerpt":{"rendered":"<p style=\"text-align: justify;\">Cat\u00e1logo de la Exposici\u00f3n &#8220;El Paisaje y la Psique: Reflexiones de un Entorno&#8221;.<\/p>\n<p style=\"text-align: justify;\"><strong>Caracter\u00edsticas:<\/strong><br \/>\n26 p\u00e1ginas.<\/p>\n<p style=\"text-align: justify;\">Impresi\u00f3n r\u00fastica.<\/p>\n","protected":false},"featured_media":78,"comment_status":"open","ping_status":"closed","template":"","meta":[],"product_brand":[],"product_cat":[19,11,18],"product_tag":[21,20,22,23],"class_list":{"0":"post-77","1":"product","2":"type-product","3":"status-publish","4":"has-post-thumbnail","6":"product_cat-catalogos","7":"product_cat-fotografia","8":"product_cat-libros","9":"product_tag-catalogos-de-exposiciones","10":"product_tag-el-paisaje-y-la-psique","11":"product_tag-exposicion-colectiva","12":"product_tag-fotografia","14":"first","15":"outofstock","16":"shipping-taxable","17":"purchasable","18":"product-type-simple"},"jetpack_sharing_enabled":true,"_links":{"self":[{"href":"https:\/\/rednacionaldearte.com\/tienda\/wp-json\/wp\/v2\/product\/77","targetHints":{"allow":["GET"]}}],"collection":[{"href":"https:\/\/rednacionaldearte.com\/tienda\/wp-json\/wp\/v2\/product"}],"about":[{"href":"https:\/\/rednacionaldearte.com\/tienda\/wp-json\/wp\/v2\/types\/product"}],"replies":[{"embeddable":true,"href":"https:\/\/rednacionaldearte.com\/tienda\/wp-json\/wp\/v2\/comments?post=77"}],"wp:featuredmedia":[{"embeddable":true,"href":"https:\/\/rednacionaldearte.com\/tienda\/wp-json\/wp\/v2\/media\/78"}],"wp:attachment":[{"href":"https:\/\/rednacionaldearte.com\/tienda\/wp-json\/wp\/v2\/media?parent=77"}],"wp:term":[{"taxonomy":"product_brand","embeddable":true,"href":"https:\/\/rednacionaldearte.com\/tienda\/wp-json\/wp\/v2\/product_brand?post=77"},{"taxonomy":"product_cat","embeddable":true,"href":"https:\/\/rednacionaldearte.com\/tienda\/wp-json\/wp\/v2\/product_cat?post=77"},{"taxonomy":"product_tag","embeddable":true,"href":"https:\/\/rednacionaldearte.com\/tienda\/wp-json\/wp\/v2\/product_tag?post=77"}],"curies":[{"name":"wp","href":"https:\/\/api.w.org\/{rel}","templated":true}]}}